{"id":155,"date":"2013-01-31T22:13:38","date_gmt":"2013-01-31T21:13:38","guid":{"rendered":"http:\/\/francoismuerner.ch\/wordpress\/?page_id=155"},"modified":"2013-02-19T09:53:22","modified_gmt":"2013-02-19T08:53:22","slug":"presse","status":"publish","type":"page","link":"https:\/\/francoismuerner.ch\/?page_id=155","title":{"rendered":"Presse"},"content":{"rendered":"<p style=\"text-align: center;\">&#8220;Fran\u00e7ois M\u00fcrner, der Godfather of Swiss Pop Radio&#8221;<br \/>\n<strong>Tagesanzeiger &#8220;Das Magazin&#8221;\u00a0<\/strong><\/p>\n<p style=\"text-align: center;\">&#8220;Braucht das Herz des Rock&#8217;n&#8217;Roll einen neuen Schrittmacher?&#8221;<br \/>\n<strong>Jean-Martin B\u00fcttner, Tagesanzeiger\u00a0<\/strong><\/p>\n<p style=\"text-align: center;\">&#8220;FM war der erste Schweizer Radiomacher, der in erster Linie aus dem Bauch heraus moderierte, dabei aber nie den Kopf abschaltete. Seine Sendung <em>Musik aus London<\/em> hatte in den Siebzigerjahren Kultstatus, weil er mit T\u00f6nen und Signeten experimentierte, weil er s\u00e4mtliche altbackenen Berom\u00fcnster-Regeln \u00fcber Bord warf, weil er nicht nur informativ, sondern auch unterhaltsam war.&#8221;<br \/>\n<strong>Kurt-Emil Merki, Sonntag<\/strong><\/p>\n<p style=\"text-align: center;\">&#8220;Wenn es bei allen widerspr\u00fcchlichen Einsch\u00e4tzungen die eine Figur gibt, auf die sich alle als zentralste Medienkraft in der Schweizer Musikszene der Achtzigerjahre einigen k\u00f6nnen, ist es Fran\u00e7ois M\u00fcrner, kurz FM. M\u00fcrners <em>Sounds!\u00a0<\/em>ist w\u00e4hrend der ganzen Achtziger der inspirierende Motor und Dorfplatz, auf dem sich alle treffen und wiederfinden; hier lief die heisse neue und legend\u00e4r frech moderierte Musik aus den Weltzentren des Postpunk. (..) FM geniesst aufgrund seiner langj\u00e4hrigen England-erfahrung und seiner piratenhaften Rocksendung <em>Musik aus London<\/em> (1974-1978) bereits Kultstatus: er hat das &#8220;ultimative gut feeling&#8221;.&#8221;<br \/>\n<strong><em>heute und danach<\/em>, Edition Patrick Frey, N\u00ba 68\u00a0<\/strong><\/p>\n<p style=\"text-align: center;\">&#8220;Seine tiefe Stimme mit dem Basler Dialekt ist Kult: \u00dcber ein Jahrzehnt dominierte der\u00a0<em>Wecker der Nation<\/em> die DRS-3-Morgensendung\u00a0<em>Vitamin 3<\/em>.<br \/>\n<strong>Matthias M\u00e4chler, Annabelle<\/strong><\/p>\n<p style=\"text-align: center;\">&#8220;Fran\u00e7ois M\u00fcrner: Ein Basler ist der grosse Star bei DRS 3&#8221;<br \/>\n&#8220;Er ist der Radiomann mit der Stimme die umarmt&#8221;<br \/>\n<strong>SonntagsBlick<\/strong><\/p>\n<p style=\"text-align: center;\">&#8220;Fran\u00e7ois M\u00fcrner pr\u00e4gt und pr\u00e4gte die Schweizer Radiolandschaft. FM ist ein Radiojunkie, er macht kein Radio, er lebt Radio. Weit \u00fcber 3000 Live-Sendungen hat er schon gemacht, doch langweilig t\u00f6nt er nie.&#8221;<br \/>\n<strong>Sandra Escher, pers\u00f6nlich<\/strong><\/p>\n<p style=\"text-align: center;\">Express auf der Morgenschiene<br \/>\n&#8220;Wenn Fran\u00e7ois FM M\u00fcrner auf DRS 3 fr\u00fch um sechs anrollt, geht m\u00e4chtig der Zug ab: Was der Radioaktive erz\u00e4hlt, ist f\u00fcr viele Schlaftrunkene weichenstellend f\u00fcr den ganzen Tag.&#8221;<br \/>\n<strong>TV plus<\/strong><\/p>\n<p style=\"text-align: center;\">&#8220;Die sinnlichste Stimme bei Radio DRS,<br \/>\ndie erfolgeichste Stimme,\u00a0die bekannteste Stimme, Fran\u00e7ois M\u00fcrner!&#8221;<br \/>\n<strong>Roger Schawinski, TalkT\u00e4glich<\/strong><\/p>\n<p style=\"text-align: center;\">&#8220;&#8230; mit Fran\u00e7ois konnte ich normal reden.<br \/>\nSein Humor war selbst im Gaga-Stollen Basel noch nicht ganz erloschen.&#8221;<br \/>\n<strong>Chris von Rohr, in &#8220;Hunde wollt ihr ewig Rocken&#8221;<\/strong><\/p>\n<p>&nbsp;<\/p>\n","protected":false},"excerpt":{"rendered":"<p>&#8220;Fran\u00e7ois M\u00fcrner, der Godfather of Swiss Pop Radio&#8221; Tagesanzeiger &#8220;Das Magazin&#8221;\u00a0 &#8220;Braucht das Herz des Rock&#8217;n&#8217;Roll einen neuen Schrittmacher?&#8221; Jean-Martin B\u00fcttner, Tagesanzeiger\u00a0 &#8220;FM war der erste Schweizer Radiomacher, der in erster Linie aus dem Bauch heraus moderierte, dabei aber nie den Kopf abschaltete. Seine Sendung Musik aus London hatte in den Siebzigerjahren Kultstatus, weil er mit T\u00f6nen und Signeten experimentierte, weil er s\u00e4mtliche altbackenen Berom\u00fcnster-Regeln \u00fcber Bord warf, weil er nicht nur informativ, sondern auch unterhaltsam war.&#8221; Kurt-Emil Merki, Sonntag &#8220;Wenn es bei allen widerspr\u00fcchlichen Einsch\u00e4tzungen die eine Figur gibt, auf die sich alle als zentralste Medienkraft in der Schweizer Musikszene der Achtzigerjahre einigen k\u00f6nnen, ist es Fran\u00e7ois M\u00fcrner, kurz &hellip; <a href=\"https:\/\/francoismuerner.ch\/?page_id=155\">Continue reading <span class=\"meta-nav\">&rarr;<\/span><\/a><\/p>\n","protected":false},"author":1,"featured_media":0,"parent":0,"menu_order":0,"comment_status":"closed","ping_status":"closed","template":"","meta":{"ngg_post_thumbnail":0,"footnotes":""},"class_list":["post-155","page","type-page","status-publish","hentry"],"_links":{"self":[{"href":"https:\/\/francoismuerner.ch\/index.php?rest_route=\/wp\/v2\/pages\/155","targetHints":{"allow":["GET"]}}],"collection":[{"href":"https:\/\/francoismuerner.ch\/index.php?rest_route=\/wp\/v2\/pages"}],"about":[{"href":"https:\/\/francoismuerner.ch\/index.php?rest_route=\/wp\/v2\/types\/page"}],"author":[{"embeddable":true,"href":"https:\/\/francoismuerner.ch\/index.php?rest_route=\/wp\/v2\/users\/1"}],"replies":[{"embeddable":true,"href":"https:\/\/francoismuerner.ch\/index.php?rest_route=%2Fwp%2Fv2%2Fcomments&post=155"}],"version-history":[{"count":18,"href":"https:\/\/francoismuerner.ch\/index.php?rest_route=\/wp\/v2\/pages\/155\/revisions"}],"predecessor-version":[{"id":416,"href":"https:\/\/francoismuerner.ch\/index.php?rest_route=\/wp\/v2\/pages\/155\/revisions\/416"}],"wp:attachment":[{"href":"https:\/\/francoismuerner.ch\/index.php?rest_route=%2Fwp%2Fv2%2Fmedia&parent=155"}],"curies":[{"name":"wp","href":"https:\/\/api.w.org\/{rel}","templated":true}]}}